{"id":1374,"date":"2017-09-27T14:40:47","date_gmt":"2017-09-27T12:40:47","guid":{"rendered":"https:\/\/chateaubranda.com\/?post_type=tribe_events&#038;p=1374"},"modified":"2017-09-28T12:02:51","modified_gmt":"2017-09-28T10:02:51","slug":"diner-de-gala-13-septembre-2017-a-chantilly","status":"publish","type":"tribe_events","link":"https:\/\/chateaubranda.com\/en\/event\/diner-de-gala-13-septembre-2017-a-chantilly\/","title":{"rendered":"M\u00e9c\u00e9nat pour d\u00eener de Gala du 12 Septembre 2017 \u00e0 Chantilly"},"content":{"rendered":"<p>M\u00e9c\u00e9nat :<\/p>\n<p><span id=\"result_box\" class=\"\" lang=\"fr\" tabindex=\"-1\"><span class=\"\">Ce d\u00eener de gala fut organis\u00e9 par Maryvonne Pinault et pouvait s&rsquo;enorgueillir de la pr\u00e9sence de nombreux ducs et princes ainsi que des amateurs d&rsquo;art.<\/span><\/span><\/p>\n<p><span id=\"result_box\" class=\"\" lang=\"fr\" tabindex=\"-1\"><span class=\"\">Poss\u00e9d\u00e9 par les Princes de Cond\u00e9, cousin de Louis XIV et plus tard au 19\u00e8me si\u00e8cle, par le duc d&rsquo;Aumale (qui a donn\u00e9 ses fabuleuses collections de livres, peintures et meubles \u00e0 l&rsquo;Institut fran\u00e7ais), Chantilly est l&rsquo;un des ch\u00e2teaux<\/span> les plus pretigieux de notre pays.<\/span><\/p>\n<p><span id=\"result_box\" class=\"\" lang=\"fr\" tabindex=\"-1\"><span class=\"\">La soir\u00e9e fut organis\u00e9e par les Amis du Domaine de Chantilly et permettait d&rsquo;admirer la splendide restauration des appartements priv\u00e9s du duc d&rsquo;Aumale.<\/span><\/span><\/p>\n<p>Notre Ch\u00e2teau Branda a parfaitement tenu son rang et, des dires de Madame Laure de Gramont \u00ab\u00a0&#8230;a rehauss\u00e9 le chic du d\u00e9licieux d\u00eener de le N\u00f4tre&#8230;\u00a0\u00bb !<\/p>\n<p>Branda lors de soir\u00e9e Princi\u00e8re ?<\/p>\n<p>What else \ud83d\ude09<\/p>\n\n\t\t<style type=\"text\/css\">\n\t\t\t#gallery-1 {\n\t\t\t\tmargin: auto;\n\t\t\t}\n\t\t\t#gallery-1 .gallery-item {\n\t\t\t\tfloat: left;\n\t\t\t\tmargin-top: 10px;\n\t\t\t\ttext-align: center;\n\t\t\t\twidth: 33%;\n\t\t\t}\n\t\t\t#gallery-1 img {\n\t\t\t\tborder: 2px solid #cfcfcf;\n\t\t\t}\n\t\t\t#gallery-1 .gallery-caption {\n\t\t\t\tmargin-left: 0;\n\t\t\t}\n\t\t\t\/* see gallery_shortcode() in wp-includes\/media.php *\/\n\t\t<\/style>\n\t\t<div id='gallery-1' class='gallery galleryid-1374 gallery-columns-3 gallery-size-thumbnail'><dl class='gallery-item'>\n\t\t\t<dt class='gallery-icon landscape'>\n\t\t\t\t<a href='https:\/\/chateaubranda.com\/en\/event\/diner-de-gala-13-septembre-2017-a-chantilly\/chateau-de-chantilly-le-12-septembre-2017\/'><img loading=\"lazy\" decoding=\"async\" width=\"150\" height=\"150\" src=\"https:\/\/chateaubranda.com\/wp-content\/uploads\/2017\/09\/003_CHANTILLY1_2363-150x150.jpg\" class=\"attachment-thumbnail size-thumbnail\" alt=\"Chantilly d\u00eener de gala septembre 2017 avec Branda servi aux tables\" aria-describedby=\"gallery-1-1377\" srcset=\"https:\/\/chateaubranda.com\/wp-content\/uploads\/2017\/09\/003_CHANTILLY1_2363-150x150.jpg 150w, https:\/\/chateaubranda.com\/wp-content\/uploads\/2017\/09\/003_CHANTILLY1_2363-140x140.jpg 140w\" sizes=\"auto, (max-width: 150px) 100vw, 150px\" \/><\/a>\n\t\t\t<\/dt>\n\t\t\t\t<dd class='wp-caption-text gallery-caption' id='gallery-1-1377'>\n\t\t\t\tCHATEAU DE CHANTILLY D\u00eener de Gala pour l&rsquo;anniversaire du Prince Amyn Aga Khan &#8211; Le 12 septembre 2017\n\t\t\t\t<\/dd><\/dl><dl class='gallery-item'>\n\t\t\t<dt class='gallery-icon landscape'>\n\t\t\t\t<a href='https:\/\/chateaubranda.com\/en\/event\/diner-de-gala-13-septembre-2017-a-chantilly\/chateau-de-chantilly-le-12-septembre-2017-2\/'><img loading=\"lazy\" decoding=\"async\" width=\"150\" height=\"150\" src=\"https:\/\/chateaubranda.com\/wp-content\/uploads\/2017\/09\/010_CHANTILLY1_2471-150x150.jpg\" class=\"attachment-thumbnail size-thumbnail\" alt=\"\" aria-describedby=\"gallery-1-1378\" srcset=\"https:\/\/chateaubranda.com\/wp-content\/uploads\/2017\/09\/010_CHANTILLY1_2471-150x150.jpg 150w, https:\/\/chateaubranda.com\/wp-content\/uploads\/2017\/09\/010_CHANTILLY1_2471-140x140.jpg 140w\" sizes=\"auto, (max-width: 150px) 100vw, 150px\" \/><\/a>\n\t\t\t<\/dt>\n\t\t\t\t<dd class='wp-caption-text gallery-caption' id='gallery-1-1378'>\n\t\t\t\tCHATEAU DE CHANTILLY &#8211; Le 12 septembre 2017\n\t\t\t\t<\/dd><\/dl><dl class='gallery-item'>\n\t\t\t<dt class='gallery-icon landscape'>\n\t\t\t\t<a href='https:\/\/chateaubranda.com\/en\/event\/diner-de-gala-13-septembre-2017-a-chantilly\/chateau-de-chantilly-le-12-septembre-2017-3\/'><img loading=\"lazy\" decoding=\"async\" width=\"150\" height=\"150\" src=\"https:\/\/chateaubranda.com\/wp-content\/uploads\/2017\/09\/013_CHANTILLY1_2497-150x150.jpg\" class=\"attachment-thumbnail size-thumbnail\" alt=\"\" aria-describedby=\"gallery-1-1379\" srcset=\"https:\/\/chateaubranda.com\/wp-content\/uploads\/2017\/09\/013_CHANTILLY1_2497-150x150.jpg 150w, https:\/\/chateaubranda.com\/wp-content\/uploads\/2017\/09\/013_CHANTILLY1_2497-140x140.jpg 140w\" sizes=\"auto, (max-width: 150px) 100vw, 150px\" \/><\/a>\n\t\t\t<\/dt>\n\t\t\t\t<dd class='wp-caption-text gallery-caption' id='gallery-1-1379'>\n\t\t\t\tCHATEAU DE CHANTILLY &#8211; Le 12 septembre 2017\n\t\t\t\t<\/dd><\/dl><br style=\"clear: both\" \/><dl class='gallery-item'>\n\t\t\t<dt class='gallery-icon portrait'>\n\t\t\t\t<a href='https:\/\/chateaubranda.com\/en\/event\/diner-de-gala-13-septembre-2017-a-chantilly\/chateau-de-chantilly-le-12-septembre-2017-4\/'><img loading=\"lazy\" decoding=\"async\" width=\"150\" height=\"150\" src=\"https:\/\/chateaubranda.com\/wp-content\/uploads\/2017\/09\/054_CHANTILLY2_1081-150x150.jpg\" class=\"attachment-thumbnail size-thumbnail\" alt=\"\" aria-describedby=\"gallery-1-1380\" srcset=\"https:\/\/chateaubranda.com\/wp-content\/uploads\/2017\/09\/054_CHANTILLY2_1081-150x150.jpg 150w, https:\/\/chateaubranda.com\/wp-content\/uploads\/2017\/09\/054_CHANTILLY2_1081-140x140.jpg 140w\" sizes=\"auto, (max-width: 150px) 100vw, 150px\" \/><\/a>\n\t\t\t<\/dt>\n\t\t\t\t<dd class='wp-caption-text gallery-caption' id='gallery-1-1380'>\n\t\t\t\tCHATEAU DE CHANTILLY &#8211; Le 12 septembre 2017\n\t\t\t\t<\/dd><\/dl><dl class='gallery-item'>\n\t\t\t<dt class='gallery-icon landscape'>\n\t\t\t\t<a href='https:\/\/chateaubranda.com\/en\/event\/diner-de-gala-13-septembre-2017-a-chantilly\/chateau-de-chantilly-le-12-septembre-2017-5\/'><img loading=\"lazy\" decoding=\"async\" width=\"150\" height=\"150\" src=\"https:\/\/chateaubranda.com\/wp-content\/uploads\/2017\/09\/057_CHANTILLY2_1092-150x150.jpg\" class=\"attachment-thumbnail size-thumbnail\" alt=\"\" aria-describedby=\"gallery-1-1381\" srcset=\"https:\/\/chateaubranda.com\/wp-content\/uploads\/2017\/09\/057_CHANTILLY2_1092-150x150.jpg 150w, https:\/\/chateaubranda.com\/wp-content\/uploads\/2017\/09\/057_CHANTILLY2_1092-140x140.jpg 140w\" sizes=\"auto, (max-width: 150px) 100vw, 150px\" \/><\/a>\n\t\t\t<\/dt>\n\t\t\t\t<dd class='wp-caption-text gallery-caption' id='gallery-1-1381'>\n\t\t\t\tCHATEAU DE CHANTILLY &#8211; Le 12 septembre 2017\n\t\t\t\t<\/dd><\/dl><dl class='gallery-item'>\n\t\t\t<dt class='gallery-icon landscape'>\n\t\t\t\t<a href='https:\/\/chateaubranda.com\/en\/event\/diner-de-gala-13-septembre-2017-a-chantilly\/d5a_7548\/'><img loading=\"lazy\" decoding=\"async\" width=\"150\" height=\"150\" src=\"https:\/\/chateaubranda.com\/wp-content\/uploads\/2017\/09\/D5A_7548-150x150.jpg\" class=\"attachment-thumbnail size-thumbnail\" alt=\"\" aria-describedby=\"gallery-1-1382\" srcset=\"https:\/\/chateaubranda.com\/wp-content\/uploads\/2017\/09\/D5A_7548-150x150.jpg 150w, https:\/\/chateaubranda.com\/wp-content\/uploads\/2017\/09\/D5A_7548-140x140.jpg 140w\" sizes=\"auto, (max-width: 150px) 100vw, 150px\" \/><\/a>\n\t\t\t<\/dt>\n\t\t\t\t<dd class='wp-caption-text gallery-caption' id='gallery-1-1382'>\n\t\t\t\tPremi\u008fre Soir\u008ee de Gala des\r\u00c7 Friends of Domaine the Chantilly \u00c8\rle mardi 12 septembre 2017 au ch\u0089teau de Chantilly\n\t\t\t\t<\/dd><\/dl><br style=\"clear: both\" \/><dl class='gallery-item'>\n\t\t\t<dt class='gallery-icon landscape'>\n\t\t\t\t<a href='https:\/\/chateaubranda.com\/en\/event\/diner-de-gala-13-septembre-2017-a-chantilly\/d5a_7556\/'><img loading=\"lazy\" decoding=\"async\" width=\"150\" height=\"150\" src=\"https:\/\/chateaubranda.com\/wp-content\/uploads\/2017\/09\/D5A_7556-150x150.jpg\" class=\"attachment-thumbnail size-thumbnail\" alt=\"\" aria-describedby=\"gallery-1-1383\" srcset=\"https:\/\/chateaubranda.com\/wp-content\/uploads\/2017\/09\/D5A_7556-150x150.jpg 150w, https:\/\/chateaubranda.com\/wp-content\/uploads\/2017\/09\/D5A_7556-140x140.jpg 140w\" sizes=\"auto, (max-width: 150px) 100vw, 150px\" \/><\/a>\n\t\t\t<\/dt>\n\t\t\t\t<dd class='wp-caption-text gallery-caption' id='gallery-1-1383'>\n\t\t\t\tPremi\u008fre Soir\u008ee de Gala des\r\u00c7 Friends of Domaine the Chantilly \u00c8\rle mardi 12 septembre 2017 au ch\u0089teau de Chantilly\n\t\t\t\t<\/dd><\/dl><dl class='gallery-item'>\n\t\t\t<dt class='gallery-icon landscape'>\n\t\t\t\t<a href='https:\/\/chateaubranda.com\/en\/event\/diner-de-gala-13-septembre-2017-a-chantilly\/d5a_7635\/'><img loading=\"lazy\" decoding=\"async\" width=\"150\" height=\"150\" src=\"https:\/\/chateaubranda.com\/wp-content\/uploads\/2017\/09\/D5A_7635-150x150.jpg\" class=\"attachment-thumbnail size-thumbnail\" alt=\"\" aria-describedby=\"gallery-1-1384\" srcset=\"https:\/\/chateaubranda.com\/wp-content\/uploads\/2017\/09\/D5A_7635-150x150.jpg 150w, https:\/\/chateaubranda.com\/wp-content\/uploads\/2017\/09\/D5A_7635-140x140.jpg 140w\" sizes=\"auto, (max-width: 150px) 100vw, 150px\" \/><\/a>\n\t\t\t<\/dt>\n\t\t\t\t<dd class='wp-caption-text gallery-caption' id='gallery-1-1384'>\n\t\t\t\tPremi\u008fre Soir\u008ee de Gala des\r\u00c7 Friends of Domaine the Chantilly \u00c8\rle mardi 12 septembre 2017 au ch\u0089teau de Chantilly\n\t\t\t\t<\/dd><\/dl><dl class='gallery-item'>\n\t\t\t<dt class='gallery-icon landscape'>\n\t\t\t\t<a href='https:\/\/chateaubranda.com\/en\/event\/diner-de-gala-13-septembre-2017-a-chantilly\/d5a_7677\/'><img loading=\"lazy\" decoding=\"async\" width=\"150\" height=\"150\" src=\"https:\/\/chateaubranda.com\/wp-content\/uploads\/2017\/09\/D5A_7677-150x150.jpg\" class=\"attachment-thumbnail size-thumbnail\" alt=\"\" aria-describedby=\"gallery-1-1385\" srcset=\"https:\/\/chateaubranda.com\/wp-content\/uploads\/2017\/09\/D5A_7677-150x150.jpg 150w, https:\/\/chateaubranda.com\/wp-content\/uploads\/2017\/09\/D5A_7677-140x140.jpg 140w\" sizes=\"auto, (max-width: 150px) 100vw, 150px\" \/><\/a>\n\t\t\t<\/dt>\n\t\t\t\t<dd class='wp-caption-text gallery-caption' id='gallery-1-1385'>\n\t\t\t\tPremi\u008fre Soir\u008ee de Gala des\r\u00c7 Friends of Domaine the Chantilly \u00c8\rle mardi 12 septembre 2017 au ch\u0089teau de Chantilly\n\t\t\t\t<\/dd><\/dl><br style=\"clear: both\" \/><dl class='gallery-item'>\n\t\t\t<dt class='gallery-icon landscape'>\n\t\t\t\t<a href='https:\/\/chateaubranda.com\/en\/event\/diner-de-gala-13-septembre-2017-a-chantilly\/d5a_7780\/'><img loading=\"lazy\" decoding=\"async\" width=\"150\" height=\"150\" src=\"https:\/\/chateaubranda.com\/wp-content\/uploads\/2017\/09\/D5A_7780-150x150.jpg\" class=\"attachment-thumbnail size-thumbnail\" alt=\"\" aria-describedby=\"gallery-1-1386\" srcset=\"https:\/\/chateaubranda.com\/wp-content\/uploads\/2017\/09\/D5A_7780-150x150.jpg 150w, https:\/\/chateaubranda.com\/wp-content\/uploads\/2017\/09\/D5A_7780-140x140.jpg 140w\" sizes=\"auto, (max-width: 150px) 100vw, 150px\" \/><\/a>\n\t\t\t<\/dt>\n\t\t\t\t<dd class='wp-caption-text gallery-caption' id='gallery-1-1386'>\n\t\t\t\tPremi\u008fre Soir\u008ee de Gala des\r\u00c7 Friends of Domaine the Chantilly \u00c8\rle mardi 12 septembre 2017 au ch\u0089teau de Chantilly\n\t\t\t\t<\/dd><\/dl><dl class='gallery-item'>\n\t\t\t<dt class='gallery-icon landscape'>\n\t\t\t\t<a href='https:\/\/chateaubranda.com\/en\/event\/diner-de-gala-13-septembre-2017-a-chantilly\/d5a_7864\/'><img loading=\"lazy\" decoding=\"async\" width=\"150\" height=\"150\" src=\"https:\/\/chateaubranda.com\/wp-content\/uploads\/2017\/09\/D5A_7864-150x150.jpg\" class=\"attachment-thumbnail size-thumbnail\" alt=\"\" aria-describedby=\"gallery-1-1387\" srcset=\"https:\/\/chateaubranda.com\/wp-content\/uploads\/2017\/09\/D5A_7864-150x150.jpg 150w, https:\/\/chateaubranda.com\/wp-content\/uploads\/2017\/09\/D5A_7864-140x140.jpg 140w\" sizes=\"auto, (max-width: 150px) 100vw, 150px\" \/><\/a>\n\t\t\t<\/dt>\n\t\t\t\t<dd class='wp-caption-text gallery-caption' id='gallery-1-1387'>\n\t\t\t\tPremi\u008fre Soir\u008ee de Gala des\r\u00c7 Friends of Domaine the Chantilly \u00c8\rle mardi 12 septembre 2017 au ch\u0089teau de Chantilly\n\t\t\t\t<\/dd><\/dl><dl class='gallery-item'>\n\t\t\t<dt class='gallery-icon landscape'>\n\t\t\t\t<a href='https:\/\/chateaubranda.com\/en\/event\/diner-de-gala-13-septembre-2017-a-chantilly\/d5a_7903\/'><img loading=\"lazy\" decoding=\"async\" width=\"150\" height=\"150\" src=\"https:\/\/chateaubranda.com\/wp-content\/uploads\/2017\/09\/D5A_7903-150x150.jpg\" class=\"attachment-thumbnail size-thumbnail\" alt=\"\" aria-describedby=\"gallery-1-1388\" srcset=\"https:\/\/chateaubranda.com\/wp-content\/uploads\/2017\/09\/D5A_7903-150x150.jpg 150w, https:\/\/chateaubranda.com\/wp-content\/uploads\/2017\/09\/D5A_7903-140x140.jpg 140w\" sizes=\"auto, (max-width: 150px) 100vw, 150px\" \/><\/a>\n\t\t\t<\/dt>\n\t\t\t\t<dd class='wp-caption-text gallery-caption' id='gallery-1-1388'>\n\t\t\t\tPremi\u008fre Soir\u008ee de Gala des\r\u00c7 Friends of Domaine the Chantilly \u00c8\rle mardi 12 septembre 2017 au ch\u0089teau de Chantilly\n\t\t\t\t<\/dd><\/dl><br style=\"clear: both\" \/><dl class='gallery-item'>\n\t\t\t<dt class='gallery-icon landscape'>\n\t\t\t\t<a href='https:\/\/chateaubranda.com\/en\/event\/diner-de-gala-13-septembre-2017-a-chantilly\/d5a_7957\/'><img loading=\"lazy\" decoding=\"async\" width=\"150\" height=\"150\" src=\"https:\/\/chateaubranda.com\/wp-content\/uploads\/2017\/09\/D5A_7957-150x150.jpg\" class=\"attachment-thumbnail size-thumbnail\" alt=\"\" aria-describedby=\"gallery-1-1389\" srcset=\"https:\/\/chateaubranda.com\/wp-content\/uploads\/2017\/09\/D5A_7957-150x150.jpg 150w, https:\/\/chateaubranda.com\/wp-content\/uploads\/2017\/09\/D5A_7957-140x140.jpg 140w\" sizes=\"auto, (max-width: 150px) 100vw, 150px\" \/><\/a>\n\t\t\t<\/dt>\n\t\t\t\t<dd class='wp-caption-text gallery-caption' id='gallery-1-1389'>\n\t\t\t\tPremi\u008fre Soir\u008ee de Gala des\r\u00c7 Friends of Domaine the Chantilly \u00c8\rle mardi 12 septembre 2017 au ch\u0089teau de Chantilly\n\t\t\t\t<\/dd><\/dl><dl class='gallery-item'>\n\t\t\t<dt class='gallery-icon landscape'>\n\t\t\t\t<a href='https:\/\/chateaubranda.com\/en\/event\/diner-de-gala-13-septembre-2017-a-chantilly\/d5a_8157\/'><img loading=\"lazy\" decoding=\"async\" width=\"150\" height=\"150\" src=\"https:\/\/chateaubranda.com\/wp-content\/uploads\/2017\/09\/D5A_8157-150x150.jpg\" class=\"attachment-thumbnail size-thumbnail\" alt=\"\" aria-describedby=\"gallery-1-1390\" srcset=\"https:\/\/chateaubranda.com\/wp-content\/uploads\/2017\/09\/D5A_8157-150x150.jpg 150w, https:\/\/chateaubranda.com\/wp-content\/uploads\/2017\/09\/D5A_8157-140x140.jpg 140w\" sizes=\"auto, (max-width: 150px) 100vw, 150px\" \/><\/a>\n\t\t\t<\/dt>\n\t\t\t\t<dd class='wp-caption-text gallery-caption' id='gallery-1-1390'>\n\t\t\t\tPremi\u008fre Soir\u008ee de Gala des\r\u00c7 Friends of Domaine the Chantilly \u00c8\rle mardi 12 septembre 2017 au ch\u0089teau de Chantilly\n\t\t\t\t<\/dd><\/dl>\n\t\t\t<br style='clear: both' \/>\n\t\t<\/div>","protected":false},"excerpt":{"rendered":"<p>M\u00e9c\u00e9nat : Ce d\u00eener de gala fut organis\u00e9 par Maryvonne Pinault et pouvait s&rsquo;enorgueillir de la pr\u00e9sence de nombreux ducs et princes ainsi que des amateurs d&rsquo;art. Poss\u00e9d\u00e9 par les<br class=\"read-more-spacer\"> <a class=\"more-link\" href=\"https:\/\/chateaubranda.com\/en\/event\/diner-de-gala-13-septembre-2017-a-chantilly\/\">Read More<\/a><\/p>","protected":false},"author":37,"featured_media":1396,"template":"","meta":{"om_disable_all_campaigns":false,"_monsterinsights_skip_tracking":false,"_monsterinsights_sitenote_active":false,"_monsterinsights_sitenote_note":"","_monsterinsights_sitenote_category":0,"_uf_show_specific_survey":0,"_uf_disable_surveys":false,"_tribe_events_status":"","_tribe_events_status_reason":"","footnotes":""},"tags":[30],"tribe_events_cat":[29],"class_list":["post-1374","tribe_events","type-tribe_events","status-publish","has-post-thumbnail","hentry","tag-mecenat","tribe_events_cat-diner-de-gala-mecenat","cat_diner-de-gala-mecenat"],"aioseo_notices":[],"_links":{"self":[{"href":"https:\/\/chateaubranda.com\/en\/wp-json\/wp\/v2\/tribe_events\/1374","targetHints":{"allow":["GET"]}}],"collection":[{"href":"https:\/\/chateaubranda.com\/en\/wp-json\/wp\/v2\/tribe_events"}],"about":[{"href":"https:\/\/chateaubranda.com\/en\/wp-json\/wp\/v2\/types\/tribe_events"}],"author":[{"embeddable":true,"href":"https:\/\/chateaubranda.com\/en\/wp-json\/wp\/v2\/users\/37"}],"version-history":[{"count":8,"href":"https:\/\/chateaubranda.com\/en\/wp-json\/wp\/v2\/tribe_events\/1374\/revisions"}],"predecessor-version":[{"id":1402,"href":"https:\/\/chateaubranda.com\/en\/wp-json\/wp\/v2\/tribe_events\/1374\/revisions\/1402"}],"wp:featuredmedia":[{"embeddable":true,"href":"https:\/\/chateaubranda.com\/en\/wp-json\/wp\/v2\/media\/1396"}],"wp:attachment":[{"href":"https:\/\/chateaubranda.com\/en\/wp-json\/wp\/v2\/media?parent=1374"}],"wp:term":[{"taxonomy":"post_tag","embeddable":true,"href":"https:\/\/chateaubranda.com\/en\/wp-json\/wp\/v2\/tags?post=1374"},{"taxonomy":"tribe_events_cat","embeddable":true,"href":"https:\/\/chateaubranda.com\/en\/wp-json\/wp\/v2\/tribe_events_cat?post=1374"}],"curies":[{"name":"wp","href":"https:\/\/api.w.org\/{rel}","templated":true}]}}